{"id":292,"date":"2021-09-27T16:40:09","date_gmt":"2021-09-27T19:40:09","guid":{"rendered":"https:\/\/hvp.ufpr.br\/?page_id=292"},"modified":"2026-02-25T09:08:20","modified_gmt":"2026-02-25T12:08:20","slug":"servidores-tecnicos-em-educacao","status":"publish","type":"page","link":"https:\/\/hvp.ufpr.br\/?page_id=292","title":{"rendered":"Servidores T\u00e9cnicos em Educa\u00e7\u00e3o"},"content":{"rendered":"<p>&nbsp;<\/p>\n<table style=\"height: 391px;\" width=\"776\">\n<tbody>\n<tr>\n<td width=\"264\"><strong>Servidores T\u00e9cnicos em Educa\u00e7\u00e3o<\/strong><\/td>\n<td width=\"302\"><strong>\u00c1rea de atua\u00e7\u00e3o<\/strong><\/td>\n<\/tr>\n<tr>\n<td width=\"264\"><strong>Adriane Hilda Knob<br \/>\n<\/strong><\/td>\n<td width=\"302\">Unidade de Controle e Execu\u00e7\u00e3o Or\u00e7ament\u00e1ria<\/td>\n<\/tr>\n<tr>\n<td width=\"264\"><strong>Agda Schwengber<br \/>\n<\/strong><\/td>\n<td width=\"302\">T\u00e9cnica em Enfermagem<\/td>\n<\/tr>\n<tr>\n<td width=\"264\"><strong>Ana Paula Luzia Grandi Lamp<br \/>\n<\/strong><\/td>\n<td width=\"302\">Enfermeira<\/td>\n<\/tr>\n<tr>\n<td width=\"264\"><strong>Anuzia Cristina Barini Nunes<\/strong><\/td>\n<td width=\"302\">M\u00e9dica Veterin\u00e1ria<\/td>\n<\/tr>\n<tr>\n<td width=\"264\"><strong>Cibele da Costa de Moraes Cortez<\/strong><\/td>\n<td width=\"302\">Esteriliza\u00e7\u00e3o<\/td>\n<\/tr>\n<tr>\n<td width=\"264\"><strong>Fl\u00e1via Bordignon Hendges<\/strong><\/td>\n<td width=\"302\">T\u00e9cnica de Laborat\u00f3rio &#8211; An\u00e1lises Cl\u00ednicas<\/td>\n<\/tr>\n<tr>\n<td width=\"264\"><strong>Geielle Lemos dos Santos<\/strong><\/td>\n<td width=\"302\">T\u00e9cnica em Radiologia<\/td>\n<\/tr>\n<tr>\n<td width=\"264\"><strong>Gisele da Silva Costa<\/strong><\/td>\n<td width=\"302\">T\u00e9cnica em Radiologia<\/td>\n<\/tr>\n<tr>\n<td width=\"264\"><strong>Isabel Griep<\/strong><\/td>\n<td width=\"302\">Secretaria e Financeiro FUNPAR<\/td>\n<\/tr>\n<tr>\n<td width=\"264\"><strong>Jana\u00edna Soares Andrade Biondo<\/strong><\/td>\n<td width=\"302\">Se\u00e7\u00e3o de Almoxarifado e Patrim\u00f4nio<\/td>\n<\/tr>\n<tr>\n<td width=\"264\"><strong>Junior Cesar Ferreira Nunes<\/strong><\/td>\n<td width=\"302\">Esteriliza\u00e7\u00e3o<\/td>\n<\/tr>\n<tr>\n<td width=\"264\"><strong>Karolina Moura<\/strong><\/td>\n<td width=\"302\">Enfermeira<\/td>\n<\/tr>\n<tr>\n<td width=\"264\"><strong>Marcio Hamamura<\/strong><\/td>\n<td width=\"302\">M\u00e9dico Veterin\u00e1rio<\/td>\n<\/tr>\n<tr>\n<td width=\"264\"><strong>Paulo Ricardo Lima Correia<\/strong><\/td>\n<td width=\"302\">T\u00e9cnico em Farm\u00e1cia<\/td>\n<\/tr>\n<tr>\n<td width=\"264\"><strong>Pedro Argel Zadinelo Moreira<\/strong><\/td>\n<td width=\"302\">Laborat\u00f3rio Cl\u00ednico Veterin\u00e1rio<\/td>\n<\/tr>\n<tr>\n<td width=\"264\"><strong>Rafael Rostirolla Debiage<\/strong><\/td>\n<td width=\"302\">M\u00e9dico Veterin\u00e1rio<\/td>\n<\/tr>\n<tr>\n<td width=\"264\"><strong>Rhuan Vinicius de Freitas Esprendor<\/strong><\/td>\n<td width=\"302\">Farmac\u00eautico<\/td>\n<\/tr>\n<tr>\n<td width=\"264\"><strong>Sandra Dimas Pereira Alves<\/strong><\/td>\n<td width=\"302\">T\u00e9cnica em Farm\u00e1cia<\/td>\n<\/tr>\n<\/tbody>\n<\/table>\n<p>&nbsp;<\/p>\n","protected":false},"excerpt":{"rendered":"<p>&nbsp; Servidores T\u00e9cnicos em Educa\u00e7\u00e3o \u00c1rea de atua\u00e7\u00e3o Adriane Hilda Knob Unidade de Controle e Execu\u00e7\u00e3o Or\u00e7ament\u00e1ria Agda Schwengber T\u00e9cnica em Enfermagem Ana Paula Luzia Grandi Lamp Enfermeira Anuzia Cristina Barini Nunes M\u00e9dica Veterin\u00e1ria Cibele da Costa de Moraes Cortez Esteriliza\u00e7\u00e3o Fl\u00e1via Bordignon Hendges T\u00e9cnica de Laborat\u00f3rio &#8211; An\u00e1lises Cl\u00ednicas Geielle Lemos dos Santos T\u00e9cnica [&hellip;]<\/p>\n","protected":false},"author":3,"featured_media":0,"parent":0,"menu_order":0,"comment_status":"closed","ping_status":"closed","template":"","meta":{"_acf_changed":false,"episode_type":"","audio_file":"","podmotor_file_id":"","podmotor_episode_id":"","cover_image":"","cover_image_id":"","duration":"","filesize":"","filesize_raw":"","date_recorded":"","explicit":"","block":"","itunes_episode_number":"","itunes_title":"","itunes_season_number":"","itunes_episode_type":"","footnotes":""},"class_list":["post-292","page","type-page","status-publish","hentry"],"acf":[],"_links":{"self":[{"href":"https:\/\/hvp.ufpr.br\/index.php?rest_route=\/wp\/v2\/pages\/292","targetHints":{"allow":["GET"]}}],"collection":[{"href":"https:\/\/hvp.ufpr.br\/index.php?rest_route=\/wp\/v2\/pages"}],"about":[{"href":"https:\/\/hvp.ufpr.br\/index.php?rest_route=\/wp\/v2\/types\/page"}],"author":[{"embeddable":true,"href":"https:\/\/hvp.ufpr.br\/index.php?rest_route=\/wp\/v2\/users\/3"}],"replies":[{"embeddable":true,"href":"https:\/\/hvp.ufpr.br\/index.php?rest_route=%2Fwp%2Fv2%2Fcomments&post=292"}],"version-history":[{"count":21,"href":"https:\/\/hvp.ufpr.br\/index.php?rest_route=\/wp\/v2\/pages\/292\/revisions"}],"predecessor-version":[{"id":1590,"href":"https:\/\/hvp.ufpr.br\/index.php?rest_route=\/wp\/v2\/pages\/292\/revisions\/1590"}],"wp:attachment":[{"href":"https:\/\/hvp.ufpr.br\/index.php?rest_route=%2Fwp%2Fv2%2Fmedia&parent=292"}],"curies":[{"name":"wp","href":"https:\/\/api.w.org\/{rel}","templated":true}]}}